{"id":17,"date":"2018-05-31T18:21:50","date_gmt":"2018-05-31T16:21:50","guid":{"rendered":"http:\/\/lafermedepierre.fr\/?page_id=17"},"modified":"2018-08-30T18:24:20","modified_gmt":"2018-08-30T16:24:20","slug":"nos-gites","status":"publish","type":"page","link":"https:\/\/lafermedepierre.fr\/index.php\/nos-gites\/","title":{"rendered":"Nos gites"},"content":{"rendered":"\t<div class=\"img has-hover x md-x lg-x y md-y lg-y\" id=\"image_914280884\">\n\t\t\t\t\t\t\t\t<div class=\"img-inner dark\" >\n\t\t\t<img width=\"1020\" height=\"510\" src=\"https:\/\/lafermedepierre.fr\/wp-content\/uploads\/2018\/06\/la-ferme-de-pierre-slide-2-1024x512.jpg\" class=\"attachment-large size-large\" alt=\"\" loading=\"lazy\" srcset=\"https:\/\/lafermedepierre.fr\/wp-content\/uploads\/2018\/06\/la-ferme-de-pierre-slide-2-1024x512.jpg 1024w, https:\/\/lafermedepierre.fr\/wp-content\/uploads\/2018\/06\/la-ferme-de-pierre-slide-2-300x150.jpg 300w, https:\/\/lafermedepierre.fr\/wp-content\/uploads\/2018\/06\/la-ferme-de-pierre-slide-2-768x384.jpg 768w, https:\/\/lafermedepierre.fr\/wp-content\/uploads\/2018\/06\/la-ferme-de-pierre-slide-2-600x300.jpg 600w, https:\/\/lafermedepierre.fr\/wp-content\/uploads\/2018\/06\/la-ferme-de-pierre-slide-2.jpg 1200w\" sizes=\"(max-width: 1020px) 100vw, 1020px\" \/>\t\t\t\t\t\t\n\t\t\t\t\t<\/div>\n\t\t\t\t\t\t\t\t\n<style scope=\"scope\">\n\n#image_914280884 {\n  width: 100%;\n}\n<\/style>\n\t<\/div>\n\t\n<div class=\"gap-element\" style=\"display:block; height:auto; padding-top:30px\" class=\"clearfix\"><\/div>\n  <div id=\"page-header-1017514116\" class=\"page-header-wrapper\">\n  <div class=\"page-title dark featured-title\">\n\n        <div class=\"page-title-bg\">\n      <div class=\"title-bg fill bg-fill\"\n        data-parallax-container=\".page-title\"\n        data-parallax-background\n        data-parallax=\"-\">\n      <\/div>\n      <div class=\"title-overlay fill\"><\/div>\n    <\/div>\n    \n    <div class=\"page-title-inner container align-center text-center flex-row-col medium-flex-wrap\" >\n              <div class=\"title-wrapper flex-col\">\n          <h1 class=\"entry-title mb-0\">\n            Nos gites          <\/h1>\n        <\/div>\n                    <div class=\"title-content flex-col\">\n              <\/div>\n    <\/div><!-- flex-row -->\n\n     \n<style scope=\"scope\">\n\n#page-header-1017514116 .title-bg {\n  background-image: url(https:\/\/lafermedepierre.fr\/wp-content\/uploads\/2018\/06\/carrelage_la_ferme_de_pierre.jpg);\n}\n<\/style>\n  <\/div><!-- .page-title -->\n    <\/div><!-- .page-header-wrapper -->\n  \n<div class=\"gap-element\" style=\"display:block; height:auto; padding-top:30px\" class=\"clearfix\"><\/div>\n<div class=\"row\"  id=\"row-449278405\">\n<div class=\"col medium-7 small-12 large-7\"  ><div class=\"col-inner\"  >\n<p>La SARL La Ferme de Pierre a \u00e9t\u00e9 cr\u00e9\u00e9e en 2015, par Yves et Anne Marie Lennon et leur deux fils Olivier et Vincent pour restaurer et exploiter un patrimoine agricole et foncier issu d\u2019un h\u00e9ritage .<\/p>\n<p>Louise Lennon, n\u00e9e Cotten, m\u00e8re d\u2019Yves, h\u00e9rite, en 2007, d\u2019un cousin , <span style=\"color: #800080;\"><strong>Pierre Cotten<\/strong><\/span>, d\u2019une ferme \u00e0 Qu\u00e9n\u00e9herv\u00e9, \u00e0 Elliant . Le nom de la \u00ab\u00a0<strong>Ferme de Pierre<\/strong>\u00a0\u00bb en d\u00e9coulera naturellement, en hommage au donateur.<\/p>\n<p>Anne Marie et Yves rach\u00e8tent progressivement \u00e0 l\u2019indivision successorale, une partie des b\u00e2timents, dans le but d\u2019en faire un centre d\u2019accueil et de loisirs.<\/p>\n<p>L\u2019ancienne maison d\u2019 habitation , construite \u00e0 partir de 1840, et ses d\u00e9pendances attenantes, est transform\u00e9e pour en faire 3 gites de caract\u00e8re.<\/p>\n<\/div><\/div>\n<div class=\"col medium-5 small-12 large-5\"  ><div class=\"col-inner\"  >\n\t<div class=\"img has-hover x md-x lg-x y md-y lg-y\" id=\"image_1667228516\">\n\t\t\t\t\t\t\t\t<div class=\"img-inner dark\" >\n\t\t\t<img width=\"1020\" height=\"765\" src=\"https:\/\/lafermedepierre.fr\/wp-content\/uploads\/2018\/06\/la-ferme-de-pierre-avant-1024x768.jpg\" class=\"attachment-large size-large\" alt=\"\" loading=\"lazy\" srcset=\"https:\/\/lafermedepierre.fr\/wp-content\/uploads\/2018\/06\/la-ferme-de-pierre-avant-1024x768.jpg 1024w, https:\/\/lafermedepierre.fr\/wp-content\/uploads\/2018\/06\/la-ferme-de-pierre-avant-300x225.jpg 300w, https:\/\/lafermedepierre.fr\/wp-content\/uploads\/2018\/06\/la-ferme-de-pierre-avant-768x576.jpg 768w, https:\/\/lafermedepierre.fr\/wp-content\/uploads\/2018\/06\/la-ferme-de-pierre-avant-600x450.jpg 600w, https:\/\/lafermedepierre.fr\/wp-content\/uploads\/2018\/06\/la-ferme-de-pierre-avant.jpg 1200w\" sizes=\"(max-width: 1020px) 100vw, 1020px\" \/>\t\t\t\t\t\t\n\t\t\t\t\t<\/div>\n\t\t\t\t\t\t\t\t\n<style scope=\"scope\">\n\n#image_1667228516 {\n  width: 100%;\n}\n<\/style>\n\t<\/div>\n\t\n<\/div><\/div>\n<\/div>\n<div class=\"row\"  id=\"row-313122840\">\n<div class=\"col medium-5 small-12 large-5\"  ><div class=\"col-inner\"  >\n<div class=\"slider-wrapper relative \" id=\"slider-121797143\" >\n    <div class=\"slider slider-nav-circle slider-nav-large slider-nav-light slider-style-normal\"\n        data-flickity-options='{\n            \"cellAlign\": \"center\",\n            \"imagesLoaded\": true,\n            \"lazyLoad\": 1,\n            \"freeScroll\": false,\n            \"wrapAround\": true,\n            \"autoPlay\": 6000,\n            \"pauseAutoPlayOnHover\" : true,\n            \"prevNextButtons\": true,\n            \"contain\" : true,\n            \"adaptiveHeight\" : true,\n            \"dragThreshold\" : 5,\n            \"percentPosition\": true,\n            \"pageDots\": true,\n            \"rightToLeft\": false,\n            \"draggable\": true,\n            \"selectedAttraction\": 0.1,\n            \"parallax\" : 0,\n            \"friction\": 0.6        }'\n        >\n        \n\t<div class=\"img has-hover x md-x lg-x y md-y lg-y\" id=\"image_491578885\">\n\t\t<a class=\"image-lightbox lightbox-gallery\" href=\"https:\/\/lafermedepierre.fr\/wp-content\/uploads\/2018\/06\/cidrerie_la_ferme_de_pierre-1024x683.jpg\" title=\"\">\t\t\t\t\t\t<div class=\"img-inner dark\" >\n\t\t\t<img width=\"1020\" height=\"680\" src=\"https:\/\/lafermedepierre.fr\/wp-content\/uploads\/2018\/06\/cidrerie_la_ferme_de_pierre-1024x683.jpg\" class=\"attachment-large size-large\" alt=\"\" loading=\"lazy\" srcset=\"https:\/\/lafermedepierre.fr\/wp-content\/uploads\/2018\/06\/cidrerie_la_ferme_de_pierre-1024x683.jpg 1024w, https:\/\/lafermedepierre.fr\/wp-content\/uploads\/2018\/06\/cidrerie_la_ferme_de_pierre-300x200.jpg 300w, https:\/\/lafermedepierre.fr\/wp-content\/uploads\/2018\/06\/cidrerie_la_ferme_de_pierre-768x512.jpg 768w, https:\/\/lafermedepierre.fr\/wp-content\/uploads\/2018\/06\/cidrerie_la_ferme_de_pierre-600x400.jpg 600w, https:\/\/lafermedepierre.fr\/wp-content\/uploads\/2018\/06\/cidrerie_la_ferme_de_pierre.jpg 1200w\" sizes=\"(max-width: 1020px) 100vw, 1020px\" \/>\t\t\t\t\t\t\n\t\t\t\t\t<\/div>\n\t\t\t\t\t\t<\/a>\t\t\n<style scope=\"scope\">\n\n#image_491578885 {\n  width: 100%;\n}\n<\/style>\n\t<\/div>\n\t\n\t<div class=\"img has-hover x md-x lg-x y md-y lg-y\" id=\"image_876336221\">\n\t\t<a class=\"image-lightbox lightbox-gallery\" href=\"https:\/\/lafermedepierre.fr\/wp-content\/uploads\/2018\/06\/ecuries_la_ferme_de_pierre-copie-1024x683.jpg\" title=\"\">\t\t\t\t\t\t<div class=\"img-inner dark\" >\n\t\t\t<img width=\"1020\" height=\"680\" src=\"https:\/\/lafermedepierre.fr\/wp-content\/uploads\/2018\/06\/ecuries_la_ferme_de_pierre-copie-1024x683.jpg\" class=\"attachment-large size-large\" alt=\"\" loading=\"lazy\" srcset=\"https:\/\/lafermedepierre.fr\/wp-content\/uploads\/2018\/06\/ecuries_la_ferme_de_pierre-copie-1024x683.jpg 1024w, https:\/\/lafermedepierre.fr\/wp-content\/uploads\/2018\/06\/ecuries_la_ferme_de_pierre-copie-300x200.jpg 300w, https:\/\/lafermedepierre.fr\/wp-content\/uploads\/2018\/06\/ecuries_la_ferme_de_pierre-copie-768x512.jpg 768w, https:\/\/lafermedepierre.fr\/wp-content\/uploads\/2018\/06\/ecuries_la_ferme_de_pierre-copie-600x400.jpg 600w, https:\/\/lafermedepierre.fr\/wp-content\/uploads\/2018\/06\/ecuries_la_ferme_de_pierre-copie.jpg 1200w\" sizes=\"(max-width: 1020px) 100vw, 1020px\" \/>\t\t\t\t\t\t\n\t\t\t\t\t<\/div>\n\t\t\t\t\t\t<\/a>\t\t\n<style scope=\"scope\">\n\n#image_876336221 {\n  width: 100%;\n}\n<\/style>\n\t<\/div>\n\t\n     <\/div>\n\n     <div class=\"loading-spin dark large centered\"><\/div>\n\n     <style scope=\"scope\">\n             <\/style>\n<\/div><!-- .ux-slider-wrapper -->\n\n\n<\/div><\/div>\n<div class=\"col medium-7 small-12 large-7\"  ><div class=\"col-inner\"  >\n<p>L\u2019ancienne cidrerie construite et exploit\u00e9e \u00e0 la fin des ann\u00e9es 1940, abrite une presse Sambron d\u2019origine, remise \u00e0 neuf, et qui permet \u00e0 nouveau la production de cidre \u00e0 partir des vergers de la ferme. L\u2019\u00e9tage de la cidrerie sert dor\u00e9navant de salle de jeux pour les enfants des gites ainsi que de salle d\u2019exposition.<\/p>\n<p>D\u2019anciennes \u00e9curies, datant de la m\u00eame \u00e9poque, abritaient une douzaine de chevaux de trait qui permettaient de cultiver les 50 hectares de la ferme. Ce b\u00e2timent est en fin de r\u00e9novation. Les \u00e9curies sont restaur\u00e9es \u00e0 l\u2019identique en t\u00e9moignage du pass\u00e9. Le grenier est en cours d\u2019am\u00e9nagement.<\/p>\n<p>La construction et l\u2019architecture de ces deux b\u00e2timents, enti\u00e8rement en granit, d\u00e9montrent le caract\u00e8re novateur du propri\u00e9taire de l\u2019\u00e9poque , Yves Cotten.<\/p>\n<\/div><\/div>\n<\/div>\n<div class=\"row\"  id=\"row-2115342262\">\n<div class=\"col medium-8 small-12 large-8\"  ><div class=\"col-inner\"  >\n<p>Un grand jardin, clos de murs, abrite un potager. Par ailleurs une ancienne \u00e9table datant de l\u2019\u00e9poque de la maison d\u2019habitation, sert d\u2019atelier pour les diff\u00e9rents travaux de la ferme et abrite la production de cidre.<\/p>\n<p>Un ancien four \u00e0 pain et la petite maison attenante vont \u00e9galement \u00eatre restaur\u00e9s .<\/p>\n<p>En parall\u00e8le, la famille a \u00e9galement rachet\u00e9 les terres de la ferme et conduit une conversion \u00e0 l\u2019agriculture biologique.<\/p>\n<p>Les h\u00f4tes des gites pourront, \u00e0 la demande, acc\u00e9der aux diff\u00e9rents b\u00e2timents et aux terres.<\/p>\n<p>Un chemin de randonn\u00e9e part de la ferme et permet des promenades dans une campagne verdoyante et vallonn\u00e9e. De nombreux ruisseaux, \u00e0 proximit\u00e9, permettront aux p\u00eacheurs de truite de s\u2019adonner \u00e0 leur passion.<\/p>\n<\/div><\/div>\n<div class=\"col medium-4 small-12 large-4\"  ><div class=\"col-inner\"  >\n\t<div class=\"img has-hover x md-x lg-x y md-y lg-y\" id=\"image_1217368717\">\n\t\t\t\t\t\t\t\t<div class=\"img-inner image-cover dark\" style=\"padding-top:96%;\">\n\t\t\t<img width=\"1020\" height=\"680\" src=\"https:\/\/lafermedepierre.fr\/wp-content\/uploads\/2018\/06\/coq_la_ferme_de_pierre-1024x683.jpg\" class=\"attachment-large size-large\" alt=\"\" loading=\"lazy\" srcset=\"https:\/\/lafermedepierre.fr\/wp-content\/uploads\/2018\/06\/coq_la_ferme_de_pierre-1024x683.jpg 1024w, https:\/\/lafermedepierre.fr\/wp-content\/uploads\/2018\/06\/coq_la_ferme_de_pierre-300x200.jpg 300w, https:\/\/lafermedepierre.fr\/wp-content\/uploads\/2018\/06\/coq_la_ferme_de_pierre-768x512.jpg 768w, https:\/\/lafermedepierre.fr\/wp-content\/uploads\/2018\/06\/coq_la_ferme_de_pierre-600x400.jpg 600w, https:\/\/lafermedepierre.fr\/wp-content\/uploads\/2018\/06\/coq_la_ferme_de_pierre.jpg 1200w\" sizes=\"(max-width: 1020px) 100vw, 1020px\" \/>\t\t\t\t\t\t\n\t\t\t\t\t<\/div>\n\t\t\t\t\t\t\t\t\n<style scope=\"scope\">\n\n#image_1217368717 {\n  width: 100%;\n}\n<\/style>\n\t<\/div>\n\t\n<\/div><\/div>\n<\/div>\n<div class=\"row\"  id=\"row-1803713493\">\n<div class=\"col medium-4 small-12 large-4\"  ><div class=\"col-inner\"  >\n\t<div class=\"img has-hover x md-x lg-x y md-y lg-y\" id=\"image_1342158384\">\n\t\t\t\t\t\t\t\t<div class=\"img-inner image-cover dark\" style=\"padding-top:75%;\">\n\t\t\t<img width=\"768\" height=\"1024\" src=\"https:\/\/lafermedepierre.fr\/wp-content\/uploads\/2018\/06\/rhododendrons_la_ferme_de_pierre-copie-768x1024.jpg\" class=\"attachment-large size-large\" alt=\"\" loading=\"lazy\" srcset=\"https:\/\/lafermedepierre.fr\/wp-content\/uploads\/2018\/06\/rhododendrons_la_ferme_de_pierre-copie-768x1024.jpg 768w, https:\/\/lafermedepierre.fr\/wp-content\/uploads\/2018\/06\/rhododendrons_la_ferme_de_pierre-copie-225x300.jpg 225w, https:\/\/lafermedepierre.fr\/wp-content\/uploads\/2018\/06\/rhododendrons_la_ferme_de_pierre-copie-600x800.jpg 600w, https:\/\/lafermedepierre.fr\/wp-content\/uploads\/2018\/06\/rhododendrons_la_ferme_de_pierre-copie.jpg 1200w\" sizes=\"(max-width: 768px) 100vw, 768px\" \/>\t\t\t\t\t\t\n\t\t\t\t\t<\/div>\n\t\t\t\t\t\t\t\t\n<style scope=\"scope\">\n\n#image_1342158384 {\n  width: 100%;\n}\n<\/style>\n\t<\/div>\n\t\n<\/div><\/div>\n<div class=\"col medium-8 small-12 large-8\"  ><div class=\"col-inner\"  >\n<p>A 10 km environ, la famille Lennon poss\u00e8de \u00e9galement un parc, collection nationale de r\u00e9f\u00e9rence de rhododendrons botaniques et contenant, par ailleurs de nombreuses autres plantes de terre de bruy\u00e8re, que les h\u00f4tes pourront \u00e9galement visiter (pr\u00e9f\u00e9rer les mois d\u2019avril et de mai).<\/p>\n<p>Par ailleurs, la localisation de la Ferme de Pierre, \u00e0 environ 10 KM de Quimper et de Concarneau permet un acc\u00e8s rapide \u00e0 tout ce que le Finist\u00e8re sud rec\u00e8le de richesses touristiques\u00a0; mer, patrimoine architectural etc\u2026Selon leurs gouts et leurs aspirations les h\u00f4tes pourront b\u00e9n\u00e9ficier de conseils de visites personnalis\u00e9s, de la part des propri\u00e9taires finist\u00e9riens depuis plusieurs g\u00e9n\u00e9rations&#8230;<\/p>\n<\/div><\/div>\n<\/div>\n","protected":false},"excerpt":{"rendered":"","protected":false},"author":2,"featured_media":0,"parent":0,"menu_order":0,"comment_status":"closed","ping_status":"closed","template":"","meta":[],"_links":{"self":[{"href":"https:\/\/lafermedepierre.fr\/index.php\/wp-json\/wp\/v2\/pages\/17"}],"collection":[{"href":"https:\/\/lafermedepierre.fr\/index.php\/wp-json\/wp\/v2\/pages"}],"about":[{"href":"https:\/\/lafermedepierre.fr\/index.php\/wp-json\/wp\/v2\/types\/page"}],"author":[{"embeddable":true,"href":"https:\/\/lafermedepierre.fr\/index.php\/wp-json\/wp\/v2\/users\/2"}],"replies":[{"embeddable":true,"href":"https:\/\/lafermedepierre.fr\/index.php\/wp-json\/wp\/v2\/comments?post=17"}],"version-history":[{"count":7,"href":"https:\/\/lafermedepierre.fr\/index.php\/wp-json\/wp\/v2\/pages\/17\/revisions"}],"predecessor-version":[{"id":185,"href":"https:\/\/lafermedepierre.fr\/index.php\/wp-json\/wp\/v2\/pages\/17\/revisions\/185"}],"wp:attachment":[{"href":"https:\/\/lafermedepierre.fr\/index.php\/wp-json\/wp\/v2\/media?parent=17"}],"curies":[{"name":"wp","href":"https:\/\/api.w.org\/{rel}","templated":true}]}}