{"id":15,"date":"2018-05-31T18:18:37","date_gmt":"2018-05-31T16:18:37","guid":{"rendered":"http:\/\/lafermedepierre.fr\/?page_id=15"},"modified":"2020-06-03T19:26:49","modified_gmt":"2020-06-03T17:26:49","slug":"accueil","status":"publish","type":"page","link":"https:\/\/lafermedepierre.fr\/","title":{"rendered":"Accueil"},"content":{"rendered":"<div class=\"slider-wrapper relative \" id=\"slider-1524513679\" >\n    <div class=\"slider slider-nav-circle slider-nav-large slider-nav-light slider-style-normal\"\n        data-flickity-options='{\n            \"cellAlign\": \"center\",\n            \"imagesLoaded\": true,\n            \"lazyLoad\": 1,\n            \"freeScroll\": false,\n            \"wrapAround\": true,\n            \"autoPlay\": 6000,\n            \"pauseAutoPlayOnHover\" : true,\n            \"prevNextButtons\": true,\n            \"contain\" : true,\n            \"adaptiveHeight\" : true,\n            \"dragThreshold\" : 5,\n            \"percentPosition\": true,\n            \"pageDots\": true,\n            \"rightToLeft\": false,\n            \"draggable\": true,\n            \"selectedAttraction\": 0.1,\n            \"parallax\" : 0,\n            \"friction\": 0.6        }'\n        >\n        \n\t<div class=\"img has-hover x md-x lg-x y md-y lg-y\" id=\"image_13514016\">\n\t\t\t\t\t\t\t\t<div class=\"img-inner dark\" >\n\t\t\t<img width=\"1020\" height=\"510\" src=\"https:\/\/lafermedepierre.fr\/wp-content\/uploads\/2020\/06\/accueil-la-ferme-de-pierre-elliant-1024x512.jpg\" class=\"attachment-large size-large\" alt=\"\" loading=\"lazy\" srcset=\"https:\/\/lafermedepierre.fr\/wp-content\/uploads\/2020\/06\/accueil-la-ferme-de-pierre-elliant-1024x512.jpg 1024w, https:\/\/lafermedepierre.fr\/wp-content\/uploads\/2020\/06\/accueil-la-ferme-de-pierre-elliant-300x150.jpg 300w, https:\/\/lafermedepierre.fr\/wp-content\/uploads\/2020\/06\/accueil-la-ferme-de-pierre-elliant-768x384.jpg 768w, https:\/\/lafermedepierre.fr\/wp-content\/uploads\/2020\/06\/accueil-la-ferme-de-pierre-elliant-600x300.jpg 600w, https:\/\/lafermedepierre.fr\/wp-content\/uploads\/2020\/06\/accueil-la-ferme-de-pierre-elliant.jpg 1200w\" sizes=\"(max-width: 1020px) 100vw, 1020px\" \/>\t\t\t\t\t\t\n\t\t\t\t\t<\/div>\n\t\t\t\t\t\t\t\t\n<style scope=\"scope\">\n\n#image_13514016 {\n  width: 100%;\n}\n<\/style>\n\t<\/div>\n\t\n\t<div class=\"img has-hover x md-x lg-x y md-y lg-y\" id=\"image_1682447527\">\n\t\t\t\t\t\t\t\t<div class=\"img-inner dark\" >\n\t\t\t<img width=\"1020\" height=\"510\" src=\"https:\/\/lafermedepierre.fr\/wp-content\/uploads\/2018\/06\/slide2_la_ferme_de_pierre-1-1024x512.jpg\" class=\"attachment-large size-large\" alt=\"\" loading=\"lazy\" srcset=\"https:\/\/lafermedepierre.fr\/wp-content\/uploads\/2018\/06\/slide2_la_ferme_de_pierre-1-1024x512.jpg 1024w, https:\/\/lafermedepierre.fr\/wp-content\/uploads\/2018\/06\/slide2_la_ferme_de_pierre-1-300x150.jpg 300w, https:\/\/lafermedepierre.fr\/wp-content\/uploads\/2018\/06\/slide2_la_ferme_de_pierre-1-768x384.jpg 768w, https:\/\/lafermedepierre.fr\/wp-content\/uploads\/2018\/06\/slide2_la_ferme_de_pierre-1-600x300.jpg 600w, https:\/\/lafermedepierre.fr\/wp-content\/uploads\/2018\/06\/slide2_la_ferme_de_pierre-1.jpg 1200w\" sizes=\"(max-width: 1020px) 100vw, 1020px\" \/>\t\t\t\t\t\t\n\t\t\t\t\t<\/div>\n\t\t\t\t\t\t\t\t\n<style scope=\"scope\">\n\n#image_1682447527 {\n  width: 100%;\n}\n<\/style>\n\t<\/div>\n\t\n\t<div class=\"img has-hover x md-x lg-x y md-y lg-y\" id=\"image_98588410\">\n\t\t\t\t\t\t\t\t<div class=\"img-inner dark\" >\n\t\t\t<img width=\"1020\" height=\"510\" src=\"https:\/\/lafermedepierre.fr\/wp-content\/uploads\/2018\/06\/slide3_la_ferme_de_pierre-1-1024x512.jpg\" class=\"attachment-large size-large\" alt=\"\" loading=\"lazy\" srcset=\"https:\/\/lafermedepierre.fr\/wp-content\/uploads\/2018\/06\/slide3_la_ferme_de_pierre-1-1024x512.jpg 1024w, https:\/\/lafermedepierre.fr\/wp-content\/uploads\/2018\/06\/slide3_la_ferme_de_pierre-1-300x150.jpg 300w, https:\/\/lafermedepierre.fr\/wp-content\/uploads\/2018\/06\/slide3_la_ferme_de_pierre-1-768x384.jpg 768w, https:\/\/lafermedepierre.fr\/wp-content\/uploads\/2018\/06\/slide3_la_ferme_de_pierre-1-600x300.jpg 600w, https:\/\/lafermedepierre.fr\/wp-content\/uploads\/2018\/06\/slide3_la_ferme_de_pierre-1.jpg 1200w\" sizes=\"(max-width: 1020px) 100vw, 1020px\" \/>\t\t\t\t\t\t\n\t\t\t\t\t<\/div>\n\t\t\t\t\t\t\t\t\n<style scope=\"scope\">\n\n#image_98588410 {\n  width: 100%;\n}\n<\/style>\n\t<\/div>\n\t\n     <\/div>\n\n     <div class=\"loading-spin dark large centered\"><\/div>\n\n     <style scope=\"scope\">\n             <\/style>\n<\/div><!-- .ux-slider-wrapper -->\n\n\n<div class=\"gap-element\" style=\"display:block; height:auto; padding-top:30px\" class=\"clearfix\"><\/div>\n  <div id=\"page-header-724790142\" class=\"page-header-wrapper\">\n  <div class=\"page-title dark featured-title has-parallax\">\n\n        <div class=\"page-title-bg\">\n      <div class=\"title-bg fill bg-fill\"\n        data-parallax-container=\".page-title\"\n        data-parallax-background\n        data-parallax=\"-2\">\n      <\/div>\n      <div class=\"title-overlay fill\"><\/div>\n    <\/div>\n    \n    <div class=\"page-title-inner container align-center text-center flex-row-col medium-flex-wrap\" >\n              <div class=\"title-wrapper uppercase flex-col\">\n          <h1 class=\"entry-title mb-0\">\n            la ferme de pierre          <\/h1>\n        <\/div>\n                    <div class=\"title-content flex-col\">\n              <\/div>\n    <\/div><!-- flex-row -->\n\n     \n<style scope=\"scope\">\n\n#page-header-724790142 .title-bg {\n  background-image: url(https:\/\/lafermedepierre.fr\/wp-content\/uploads\/2018\/06\/tomettes_la_ferme_de_pierre.jpg);\n}\n<\/style>\n  <\/div><!-- .page-title -->\n    <\/div><!-- .page-header-wrapper -->\n  \n<div class=\"gap-element\" style=\"display:block; height:auto; padding-top:30px\" class=\"clearfix\"><\/div>\n<div class=\"row\"  id=\"row-1592155041\">\n<div class=\"col medium-3 small-12 large-3\"  ><div class=\"col-inner\"  >\n\t<div class=\"img has-hover x md-x lg-x y md-y lg-y\" id=\"image_1695376825\">\n\t\t\t\t\t\t\t\t<div class=\"img-inner dark\" >\n\t\t\t<img width=\"500\" height=\"635\" src=\"https:\/\/lafermedepierre.fr\/wp-content\/uploads\/2018\/06\/hirondelle_la_ferme_de_pierre.jpg\" class=\"attachment-large size-large\" alt=\"\" loading=\"lazy\" srcset=\"https:\/\/lafermedepierre.fr\/wp-content\/uploads\/2018\/06\/hirondelle_la_ferme_de_pierre.jpg 500w, https:\/\/lafermedepierre.fr\/wp-content\/uploads\/2018\/06\/hirondelle_la_ferme_de_pierre-236x300.jpg 236w\" sizes=\"(max-width: 500px) 100vw, 500px\" \/>\t\t\t\t\t\t\n\t\t\t\t\t<\/div>\n\t\t\t\t\t\t\t\t\n<style scope=\"scope\">\n\n#image_1695376825 {\n  width: 100%;\n}\n<\/style>\n\t<\/div>\n\t\n<\/div><\/div>\n<div class=\"col medium-6 small-12 large-6\"  ><div class=\"col-inner\"  >\n<p>La Ferme de Pierre est un havre de paix, pour les amoureux de la nature, de l&#8217;authenticit\u00e9, du confort&#8230;et de la Bretagne !<br \/>\nId\u00e9alement situ\u00e9e sur la commune d&#8217;Elliant entre Concarneau et Quimper tout pr\u00e8s de Rosporden, la cit\u00e9 des \u00e9tangs<br \/>\nAnne Marie et Yves vous accueilleront dans 2 gites install\u00e9s dans un magnifique corps de ferme admirablement restaur\u00e9 et meubl\u00e9.<br \/>\n&#8220;Les Ajoncs&#8221; peut recevoir 4 personnes avec ses 2 chambres et sa vaste salle de s\u00e9jour, et &#8220;Les Bruy\u00e8res&#8221; pour 2 personnes avec son grand confort et sa terrasse privative.<br \/>\nNos deux g\u00eetes sont class\u00e9s 4 \u00e9pis par les &#8220;Gites de France&#8221;<\/p>\n<\/div><\/div>\n<div class=\"col medium-3 small-12 large-3\"  ><div class=\"col-inner\"  >\n\t<div class=\"img has-hover x md-x lg-x y md-y lg-y\" id=\"image_1077204048\">\n\t\t\t\t\t\t\t\t<div class=\"img-inner dark\" >\n\t\t\t<img width=\"500\" height=\"641\" src=\"https:\/\/lafermedepierre.fr\/wp-content\/uploads\/2018\/06\/hirondelle2_la_ferme_de_pierre.jpg\" class=\"attachment-large size-large\" alt=\"\" loading=\"lazy\" srcset=\"https:\/\/lafermedepierre.fr\/wp-content\/uploads\/2018\/06\/hirondelle2_la_ferme_de_pierre.jpg 500w, https:\/\/lafermedepierre.fr\/wp-content\/uploads\/2018\/06\/hirondelle2_la_ferme_de_pierre-234x300.jpg 234w\" sizes=\"(max-width: 500px) 100vw, 500px\" \/>\t\t\t\t\t\t\n\t\t\t\t\t<\/div>\n\t\t\t\t\t\t\t\t\n<style scope=\"scope\">\n\n#image_1077204048 {\n  width: 100%;\n}\n<\/style>\n\t<\/div>\n\t\n<\/div><\/div>\n<\/div>\n<div class=\"gap-element\" style=\"display:block; height:auto; padding-top:30px\" class=\"clearfix\"><\/div>\n<div class=\"row\"  id=\"row-2034456384\">\n<div class=\"col medium-6 small-12 large-6\"  ><div class=\"col-inner box-shadow-3\"  >\n\t<div class=\"box has-hover has-hover box-text-bottom\" >\n\n\t\t<div class=\"box-image\" >\n\t\t\t<a href=\"http:\/\/lafermedepierre.fr\/index.php\/les-ajoncs\/\" target=\"_blank\">\t\t\t<div class=\"image-cover\" style=\"padding-top:67%;\">\n\t\t\t\t<img width=\"1200\" height=\"600\" src=\"https:\/\/lafermedepierre.fr\/wp-content\/uploads\/2018\/06\/slide2_la_ferme_de_pierre-1.jpg\" class=\"attachment- size-\" alt=\"\" loading=\"lazy\" srcset=\"https:\/\/lafermedepierre.fr\/wp-content\/uploads\/2018\/06\/slide2_la_ferme_de_pierre-1.jpg 1200w, https:\/\/lafermedepierre.fr\/wp-content\/uploads\/2018\/06\/slide2_la_ferme_de_pierre-1-300x150.jpg 300w, https:\/\/lafermedepierre.fr\/wp-content\/uploads\/2018\/06\/slide2_la_ferme_de_pierre-1-768x384.jpg 768w, https:\/\/lafermedepierre.fr\/wp-content\/uploads\/2018\/06\/slide2_la_ferme_de_pierre-1-1024x512.jpg 1024w, https:\/\/lafermedepierre.fr\/wp-content\/uploads\/2018\/06\/slide2_la_ferme_de_pierre-1-600x300.jpg 600w\" sizes=\"(max-width: 1200px) 100vw, 1200px\" \/>\t\t\t\t\t\t\t\t\t\t\t<\/div>\n\t\t\t<\/a>\t\t<\/div><!-- box-image -->\n\n\t\t<div class=\"box-text text-center\" >\n\t\t\t<div class=\"box-text-inner\">\n\t\t\t\t\n<h4 style=\"text-align: center;\"><a href=\"http:\/\/lafermedepierre.fr\/index.php\/les-ajoncs\/\"><span style=\"color: #800000;\">JE D\u00c9COUVRE LE GITE &#8220;LES AJONCS&#8221;<\/span><\/a><\/h4>\n\t\t\t<\/div><!-- box-text-inner -->\n\t\t<\/div><!-- box-text -->\n\t<\/div><!-- .box  -->\n\t\n<\/div><\/div>\n<div class=\"col medium-6 small-12 large-6\"  ><div class=\"col-inner\"  >\n\t<div class=\"box has-hover has-hover box-shadow-3 box-text-bottom\" >\n\n\t\t<div class=\"box-image\" >\n\t\t\t<a href=\"http:\/\/lafermedepierre.fr\/index.php\/les-bruyeres\/\" target=\"_blank\">\t\t\t<div class=\"\" >\n\t\t\t\t<img width=\"1200\" height=\"811\" src=\"https:\/\/lafermedepierre.fr\/wp-content\/uploads\/2018\/06\/les-bruyeres_la_ferme_de_pierre.jpg\" class=\"attachment- size-\" alt=\"\" loading=\"lazy\" srcset=\"https:\/\/lafermedepierre.fr\/wp-content\/uploads\/2018\/06\/les-bruyeres_la_ferme_de_pierre.jpg 1200w, https:\/\/lafermedepierre.fr\/wp-content\/uploads\/2018\/06\/les-bruyeres_la_ferme_de_pierre-300x203.jpg 300w, https:\/\/lafermedepierre.fr\/wp-content\/uploads\/2018\/06\/les-bruyeres_la_ferme_de_pierre-768x519.jpg 768w, https:\/\/lafermedepierre.fr\/wp-content\/uploads\/2018\/06\/les-bruyeres_la_ferme_de_pierre-1024x692.jpg 1024w, https:\/\/lafermedepierre.fr\/wp-content\/uploads\/2018\/06\/les-bruyeres_la_ferme_de_pierre-600x406.jpg 600w\" sizes=\"(max-width: 1200px) 100vw, 1200px\" \/>\t\t\t\t\t\t\t\t\t\t\t<\/div>\n\t\t\t<\/a>\t\t<\/div><!-- box-image -->\n\n\t\t<div class=\"box-text text-center\" >\n\t\t\t<div class=\"box-text-inner\">\n\t\t\t\t\n<h4 style=\"text-align: center;\"><a href=\"http:\/\/lafermedepierre.fr\/index.php\/les-bruyeres\/\"><span style=\"color: #800000;\">JE D\u00c9COUVRE LE GITE &#8220;LES BRUY\u00c8RES&#8221;<\/span><\/a><\/h4>\n\t\t\t<\/div><!-- box-text-inner -->\n\t\t<\/div><!-- box-text -->\n\t<\/div><!-- .box  -->\n\t\n<\/div><\/div>\n<\/div>\n<div class=\"row\"  id=\"row-360192281\">\n<div class=\"col medium-6 small-12 large-6\"  ><div class=\"col-inner\"  >\n<div class=\"container section-title-container\" ><h3 class=\"section-title section-title-center\"><b><\/b><span class=\"section-title-main\" >nos actualit\u00e9s<\/span><b><\/b><\/h3><\/div><!-- .section-title -->\n\n  \n    <div class=\"row large-columns-1 medium-columns-1 small-columns-1 slider row-slider slider-nav-reveal slider-nav-push\"  data-flickity-options='{\"imagesLoaded\": true, \"groupCells\": \"100%\", \"dragThreshold\" : 5, \"cellAlign\": \"left\",\"wrapAround\": true,\"prevNextButtons\": true,\"percentPosition\": true,\"pageDots\": false, \"rightToLeft\": false, \"autoPlay\" : false}'>\n\n  \t\t<div class=\"col post-item\" data-animate=\"fadeInLeft\">\n\t\t\t<div class=\"col-inner\">\n\t\t\t<a href=\"https:\/\/lafermedepierre.fr\/index.php\/2020\/06\/03\/la-restauration-du-four-a-pain\/\" class=\"plain\">\n\t\t\t\t<div class=\"box box-normal box-text-bottom box-blog-post has-hover\">\n            \t\t\t\t\t<div class=\"box-image\" >\n  \t\t\t\t\t\t<div class=\"image-cover\" style=\"padding-top:56.25%;\">\n  \t\t\t\t\t\t\t<img width=\"300\" height=\"225\" src=\"https:\/\/lafermedepierre.fr\/wp-content\/uploads\/2020\/06\/four-a-pain1-ferme-de-pierre-elliant-300x225.jpg\" class=\"attachment-medium size-medium wp-post-image\" alt=\"\" loading=\"lazy\" srcset=\"https:\/\/lafermedepierre.fr\/wp-content\/uploads\/2020\/06\/four-a-pain1-ferme-de-pierre-elliant-300x225.jpg 300w, https:\/\/lafermedepierre.fr\/wp-content\/uploads\/2020\/06\/four-a-pain1-ferme-de-pierre-elliant-768x576.jpg 768w, https:\/\/lafermedepierre.fr\/wp-content\/uploads\/2020\/06\/four-a-pain1-ferme-de-pierre-elliant-600x450.jpg 600w, https:\/\/lafermedepierre.fr\/wp-content\/uploads\/2020\/06\/four-a-pain1-ferme-de-pierre-elliant.jpg 1000w\" sizes=\"(max-width: 300px) 100vw, 300px\" \/>  \t\t\t\t\t\t\t  \t\t\t\t\t\t\t  \t\t\t\t\t\t<\/div>\n  \t\t\t\t\t\t  \t\t\t\t\t<\/div><!-- .box-image -->\n          \t\t\t\t\t<div class=\"box-text text-center\" >\n\t\t\t\t\t<div class=\"box-text-inner blog-post-inner\">\n\n\t\t\t\t\t\n\t\t\t\t\t\t\t\t\t\t<h5 class=\"post-title is-large uppercase\">La restauration du four \u00e0 pain<\/h5>\n\t\t\t\t\t\t\t\t\t\t<div class=\"is-divider\"><\/div>\n\t\t\t\t\t\t\t\t\t\t<p class=\"from_the_blog_excerpt \"> [...]\t\t\t\t\t<\/p>\n\t\t\t\t\t                    \n\t\t\t\t\t\t\t\t\t\t\t<button href=\"https:\/\/lafermedepierre.fr\/index.php\/2020\/06\/03\/la-restauration-du-four-a-pain\/\" class=\"button secondary is-outline is-small mb-0\">\n\t\t\t\t\t\t\tlire l'article\t\t\t\t\t\t<\/button>\n\t\t\t\t\t\n\t\t\t\t\t\n\t\t\t\t\t<\/div><!-- .box-text-inner -->\n\t\t\t\t\t<\/div><!-- .box-text -->\n\t\t\t\t\t\t\t\t\t\t\t\t\t\t\t\t<div class=\"badge absolute top post-date badge-outline\">\n\t\t\t\t\t\t\t<div class=\"badge-inner\">\n\t\t\t\t\t\t\t\t<span class=\"post-date-day\">03<\/span><br>\n\t\t\t\t\t\t\t\t<span class=\"post-date-month is-xsmall\">Juin<\/span>\n\t\t\t\t\t\t\t<\/div>\n\t\t\t\t\t\t<\/div>\n\t\t\t\t\t\t\t\t\t<\/div><!-- .box -->\n\t\t\t\t<\/a><!-- .link -->\n\t\t\t<\/div><!-- .col-inner -->\n\t\t<\/div><!-- .col -->\n\t\t<div class=\"col post-item\" data-animate=\"fadeInLeft\">\n\t\t\t<div class=\"col-inner\">\n\t\t\t<a href=\"https:\/\/lafermedepierre.fr\/index.php\/2019\/11\/03\/amenagement-de-la-salle-de-jeux\/\" class=\"plain\">\n\t\t\t\t<div class=\"box box-normal box-text-bottom box-blog-post has-hover\">\n          \t\t\t\t\t<div class=\"box-text text-center\" >\n\t\t\t\t\t<div class=\"box-text-inner blog-post-inner\">\n\n\t\t\t\t\t\n\t\t\t\t\t\t\t\t\t\t<h5 class=\"post-title is-large uppercase\">Am\u00e9nagement de la salle de jeux<\/h5>\n\t\t\t\t\t<div class=\"post-meta is-small op-8\">3 novembre 2019<\/div>\t\t\t\t\t<div class=\"is-divider\"><\/div>\n\t\t\t\t\t\t\t\t\t\t<p class=\"from_the_blog_excerpt \">La salle de jeu est \u00e0 disposition des clients ! Ping pong, baby-foot , billiard et autres jeux [...]\t\t\t\t\t<\/p>\n\t\t\t\t\t                    \n\t\t\t\t\t\t\t\t\t\t\t<button href=\"https:\/\/lafermedepierre.fr\/index.php\/2019\/11\/03\/amenagement-de-la-salle-de-jeux\/\" class=\"button secondary is-outline is-small mb-0\">\n\t\t\t\t\t\t\tlire l'article\t\t\t\t\t\t<\/button>\n\t\t\t\t\t\n\t\t\t\t\t\n\t\t\t\t\t<\/div><!-- .box-text-inner -->\n\t\t\t\t\t<\/div><!-- .box-text -->\n\t\t\t\t\t\t\t\t\t<\/div><!-- .box -->\n\t\t\t\t<\/a><!-- .link -->\n\t\t\t<\/div><!-- .col-inner -->\n\t\t<\/div><!-- .col -->\n\t\t<div class=\"col post-item\" data-animate=\"fadeInLeft\">\n\t\t\t<div class=\"col-inner\">\n\t\t\t<a href=\"https:\/\/lafermedepierre.fr\/index.php\/2018\/08\/30\/la-recolte-des-tomates\/\" class=\"plain\">\n\t\t\t\t<div class=\"box box-normal box-text-bottom box-blog-post has-hover\">\n          \t\t\t\t\t<div class=\"box-text text-center\" >\n\t\t\t\t\t<div class=\"box-text-inner blog-post-inner\">\n\n\t\t\t\t\t\n\t\t\t\t\t\t\t\t\t\t<h5 class=\"post-title is-large uppercase\">La r\u00e9colte des tomates<\/h5>\n\t\t\t\t\t<div class=\"post-meta is-small op-8\">30 ao\u00fbt 2018<\/div>\t\t\t\t\t<div class=\"is-divider\"><\/div>\n\t\t\t\t\t\t\t\t\t\t<p class=\"from_the_blog_excerpt \">Voici un exemple des tomates que l&#8217;on r\u00e9colte au jardin potager. [...]\t\t\t\t\t<\/p>\n\t\t\t\t\t                    \n\t\t\t\t\t\t\t\t\t\t\t<button href=\"https:\/\/lafermedepierre.fr\/index.php\/2018\/08\/30\/la-recolte-des-tomates\/\" class=\"button secondary is-outline is-small mb-0\">\n\t\t\t\t\t\t\tlire l'article\t\t\t\t\t\t<\/button>\n\t\t\t\t\t\n\t\t\t\t\t\n\t\t\t\t\t<\/div><!-- .box-text-inner -->\n\t\t\t\t\t<\/div><!-- .box-text -->\n\t\t\t\t\t\t\t\t\t<\/div><!-- .box -->\n\t\t\t\t<\/a><!-- .link -->\n\t\t\t<\/div><!-- .col-inner -->\n\t\t<\/div><!-- .col -->\n\t\t<div class=\"col post-item\" data-animate=\"fadeInLeft\">\n\t\t\t<div class=\"col-inner\">\n\t\t\t<a href=\"https:\/\/lafermedepierre.fr\/index.php\/2018\/05\/30\/bonjour-tout-le-monde\/\" class=\"plain\">\n\t\t\t\t<div class=\"box box-normal box-text-bottom box-blog-post has-hover\">\n          \t\t\t\t\t<div class=\"box-text text-center\" >\n\t\t\t\t\t<div class=\"box-text-inner blog-post-inner\">\n\n\t\t\t\t\t\n\t\t\t\t\t\t\t\t\t\t<h5 class=\"post-title is-large uppercase\">Bonjour tout le monde\u00a0!<\/h5>\n\t\t\t\t\t<div class=\"post-meta is-small op-8\">30 mai 2018<\/div>\t\t\t\t\t<div class=\"is-divider\"><\/div>\n\t\t\t\t\t\t\t\t\t\t<p class=\"from_the_blog_excerpt \">Bienvenue sur WordPress. Ceci est votre premier article. Modifiez-le ou supprimez-le, puis lancez-vous\u00a0! [...]\t\t\t\t\t<\/p>\n\t\t\t\t\t                    \n\t\t\t\t\t\t\t\t\t\t\t<button href=\"https:\/\/lafermedepierre.fr\/index.php\/2018\/05\/30\/bonjour-tout-le-monde\/\" class=\"button secondary is-outline is-small mb-0\">\n\t\t\t\t\t\t\tlire l'article\t\t\t\t\t\t<\/button>\n\t\t\t\t\t\n\t\t\t\t\t\n\t\t\t\t\t<\/div><!-- .box-text-inner -->\n\t\t\t\t\t<\/div><!-- .box-text -->\n\t\t\t\t\t\t\t\t\t<\/div><!-- .box -->\n\t\t\t\t<\/a><!-- .link -->\n\t\t\t<\/div><!-- .col-inner -->\n\t\t<\/div><!-- .col -->\n<\/div>\n<\/div><\/div>\n<div class=\"col medium-6 small-12 large-6\"  ><div class=\"col-inner\"  >\n<div class=\"container section-title-container\" ><h3 class=\"section-title section-title-center\"><b><\/b><span class=\"section-title-main\" >la ferme de pierre en vid\u00e9o<\/span><b><\/b><\/h3><\/div><!-- .section-title -->\n<div class=\"video video-fit mb\" style=\"padding-top:56.25%;\"><p><iframe width=\"1020\" height=\"574\" src=\"https:\/\/www.youtube.com\/embed\/RTKXe_AH-wk?feature=oembed\" frameborder=\"0\" allow=\"autoplay; encrypted-media\" allowfullscreen><\/iframe><\/p>\n<\/div>\n<\/div><\/div>\n<\/div>\n","protected":false},"excerpt":{"rendered":"","protected":false},"author":2,"featured_media":0,"parent":0,"menu_order":0,"comment_status":"closed","ping_status":"closed","template":"","meta":[],"_links":{"self":[{"href":"https:\/\/lafermedepierre.fr\/index.php\/wp-json\/wp\/v2\/pages\/15"}],"collection":[{"href":"https:\/\/lafermedepierre.fr\/index.php\/wp-json\/wp\/v2\/pages"}],"about":[{"href":"https:\/\/lafermedepierre.fr\/index.php\/wp-json\/wp\/v2\/types\/page"}],"author":[{"embeddable":true,"href":"https:\/\/lafermedepierre.fr\/index.php\/wp-json\/wp\/v2\/users\/2"}],"replies":[{"embeddable":true,"href":"https:\/\/lafermedepierre.fr\/index.php\/wp-json\/wp\/v2\/comments?post=15"}],"version-history":[{"count":21,"href":"https:\/\/lafermedepierre.fr\/index.php\/wp-json\/wp\/v2\/pages\/15\/revisions"}],"predecessor-version":[{"id":244,"href":"https:\/\/lafermedepierre.fr\/index.php\/wp-json\/wp\/v2\/pages\/15\/revisions\/244"}],"wp:attachment":[{"href":"https:\/\/lafermedepierre.fr\/index.php\/wp-json\/wp\/v2\/media?parent=15"}],"curies":[{"name":"wp","href":"https:\/\/api.w.org\/{rel}","templated":true}]}}